{"id":55,"date":"2022-04-24T13:23:15","date_gmt":"2022-04-24T13:23:15","guid":{"rendered":"http:\/\/vegglu.com\/?page_id=55"},"modified":"2026-02-11T20:03:23","modified_gmt":"2026-02-11T20:03:23","slug":"maldos","status":"publish","type":"page","link":"https:\/\/kristuskaralius.lt\/index.php\/pamaldos\/maldos\/","title":{"rendered":"Maldos"},"content":{"rendered":"\n<p>TIK\u0116JIMO I\u0160PA\u017dINIMAS <a href=\"https:\/\/maldynas.katalikai.lt\/bendrosios-maldos\/pagrindines\/poteriai\/tikiu-i-viena-dieva\" title=\"\">nuoroda \u010dia<\/a><\/p>\n\n\n\n<p>ADORACIJA<a href=\"https:\/\/maldynas.katalikai.lt\/liturgija\/eucharistijos-kultas-ne-misiose\/isstatymas\" title=\"\"> nuoroda \u010dia<\/a><\/p>\n\n\n\n<p><strong>Maldavimai<\/strong><br>\u0160ventas Dieve, \u0160ventas galingasis, \u0160ventas am\u017einasis, pasigail\u0117k m\u016bs\u0173!<br>Nuo maro, bado, ugnies ir karo gelb\u0117k mus, Vie\u0161patie!<br>Nuo staigios ir netik\u0117tos mirties saugok mus, Vie\u0161patie!<br>Savo \u0161vent\u0105j\u0105 Ba\u017eny\u010di\u0105 valdyti ir laikyti teikis, meld\u017eiam tave, Vie\u0161patie!<br>Visai \u017emonijai taik\u0105 ir vienyb\u0119 duoti teikis, meld\u017eiam tave, Vie\u0161patie!<br>M\u016bs\u0173 T\u0117vyn\u0119 krik\u0161\u010dioni\u0161koje dorov\u0117je i\u0161laikyti teikis, meld\u017eiam tave, Vie\u0161patie!<br>M\u016bs\u0173 T\u0117vyn\u0117s laisv\u0119 nuo vis\u0173 pavoj\u0173 i\u0161gelb\u0117ti teikis, meld\u017eiam tave, Vie\u0161patie!<br>Mus \u012f tikr\u0105j\u0105 atgail\u0105 atvesti teikis, meld\u017eiam tave, Vie\u0161patie!<br>Nuod\u0117mes mums atleisti teikis, meld\u017eiam tave, Vie\u0161patie!<br>\u017demei vaisi\u0173 duoti ir i\u0161laikyti teikis, meld\u017eiam tave, Vie\u0161patie!<br>O J\u0117zau, J\u0117zau, J\u0117zau, pasigail\u0117k m\u016bs\u0173!<br>O Marija, Marija Dievo Motina, u\u017etarki mus!<\/p>\n\n\n\n<p><\/p>\n\n\n\n<p>MALDOS \u0160VENTAJAI DVASIAI<\/p>\n\n\n\n<hr class=\"wp-block-separator has-text-color has-primary-color has-alpha-channel-opacity has-primary-background-color has-background is-style-wide\" style=\"margin-top:0;margin-bottom:0\"\/>\n\n\n\n<p><strong>Dvasia, Vie\u0161patie, ateik<\/strong> <a href=\"https:\/\/maldynas.katalikai.lt\/giesmynas\/himnai-sekvencijos\/sekvencijos\/dvasia-viespatie-ateik\" title=\"\">nuoroda \u010dia<\/a><\/p>\n\n\n\n<p><strong>\u0160ventosios Dvasios litanija<\/strong> <a href=\"https:\/\/maldynas.katalikai.lt\/liaudies-maldingumas\/sventajai-dvasiai\/litanija\" title=\"\">nuoroda \u010dia<\/a><br><br><strong>Ateik, \u0160ventoji i\u0161minties Dvasia<\/strong>, atverk m\u016bs\u0173 sieloms dangaus paslaptis, j\u0173 begalin\u0119 didyb\u0119, galingum\u0105 ir gro\u017e\u012f. Mokyk mus myl\u0117ti Tave labiau u\u017e visus \u017eem\u0117s turtus, d\u017eiaugsmus ir malonumus.<br><strong>Ateik, palaimintoji supratimo Dvasia<\/strong>, ap\u0161viesk m\u016bs\u0173 mintis, kad teisingai suprastume gilias Aprei\u0161kimo tiesas ir, \u017eem\u0117s gyvenimui pasibaigus, b\u016btume verti g\u0117r\u0117tis nuostabi\u0105ja \u0160ven\u010diausiosios Trejyb\u0117s vienybe.<br><strong>Ateik, \u0160ventoji patarimo Dvasia<\/strong>, vesk ir saugok mus, kad visuomet vykdytume Tavo vali\u0105. Patrauk m\u016bs\u0173 \u0161irdis, nukreipk nuo blogo, vesk mus tiesiu \u012fsakym\u0173 keliu \u012f am\u017einyb\u0119, be kurios niekur savo laim\u0117s nesurasime.<br><strong>Ateik, \u0160ventoji tvirtumo Dvasia<\/strong>, sutvirtink m\u016bs\u0173 sielas kiekviename sunkume ir prie\u0161ingume, stiprink kiekvien\u0105 ger\u0105 m\u016bs\u0173 pastang\u0105. Sustiprink silpnas m\u016bs\u0173 j\u0117gas, suteik dr\u0105sos kovoje su kli\u016btimis, siekiant tobulumo, kad neb\u016btume atskirti nuo Tav\u0119s, m\u016bs\u0173 Dievo, nuo paties did\u017eiausio G\u0117rio ir Gro\u017eio.<br><strong>Ateik, \u0160ventoji \u017einojimo Dvasia<\/strong>, kad suprastume dangaus T\u0117vo vali\u0105. Parodyk pasaulio niekingum\u0105 ir pad\u0117k, kad viskuo naudotum\u0117s vien Dievo garbei ir savo i\u0161ganymui, kad pro visk\u0105 matytume ir Tavo atpild\u0105 am\u017einyb\u0117je.<br><strong>Ateik, \u0160ventoji maldingumo Dvasia<\/strong>, u\u017evaldyk m\u016bs\u0173 \u0161irdis, palenk jas tik\u0117ti Tavo meile, kad visa \u0161irdimi ie\u0161kotume Tav\u0119s ir rastume Tave, savo tikr\u0105j\u012f d\u017eiaugsm\u0105.<br><strong>Ateik, \u0160ventoji Dievo pagarbos ir baim\u0117s Dvasia<\/strong>, perimk vis\u0105 m\u016bs\u0173 b\u016btyb\u0119, kad visuomet tur\u0117tume prie\u0161 akis Tavo teism\u0105 ir vengtume visko, kas Tave \u012f\u017eeid\u017eia, \u2013 kad taptume verti pasirodyti Tavo dievi\u0161kosios didyb\u0117s akivaizdoje ir dalyvauti Tavo begalin\u0117je laim\u0117je. Amen.<\/p>\n\n\n\n<hr class=\"wp-block-separator has-text-color has-primary-color has-alpha-channel-opacity has-primary-background-color has-background is-style-wide\" style=\"margin-top:var(--wp--preset--spacing--30);margin-bottom:var(--wp--preset--spacing--30)\"\/>\n\n\n\n<p>\u0160V. ANTANO LITANIJA <a href=\"https:\/\/melskis.lt\/sventuju-litanijos\/sventojo-antano-litanija\/\" title=\"\">nuoroda \u010dia<\/a><br>GIESM\u0116S \u0160V. ANTANUI <a href=\"https:\/\/maldynas.katalikai.lt\/giesmynas\/sventiesiems\/sv-antanui\" title=\"\">nuoroda \u010dia<\/a><\/p>\n\n\n\n<hr class=\"wp-block-separator has-text-color has-primary-color has-alpha-channel-opacity has-primary-background-color has-background is-style-wide\"\/>\n\n\n\n<p><a href=\"https:\/\/maldynas.katalikai.lt\/giesmynas\/liturginiu-laikotarpiu\/gavenios\/alyvu-darzely\" title=\"\">Alyv\u0173 dar\u017eely<\/a><\/p>\n\n\n\n<p><a href=\"https:\/\/maldynas.katalikai.lt\/liaudies-maldingumas\/dievui-sunui\/graudus-verksmai\/pradzia\" title=\"\">Graud\u016bs verksmai<\/a><\/p>\n\n\n\n<p><a href=\"https:\/\/melskis.lt\/kryziaus-kelias\/\" title=\"\">Kry\u017eiaus kelias<\/a><\/p>\n\n\n\n<p><a href=\"https:\/\/www.lcn.lt\/ofm_ikonu-kryziaus-kelias\/01.html\" title=\"\">Kry\u017eiaus kelias Kristaus Karaliaus ba\u017eny\u010dioje<\/a><\/p>\n\n\n\n<p><a href=\"https:\/\/maldynas.katalikai.lt\/liaudies-maldingumas\/dievui-sunui\/kalvarijos-kalnai\" title=\"\">\u017demai\u010di\u0173 Kalvarijos kalnai<\/a><\/p>\n","protected":false},"excerpt":{"rendered":"<p>TIK\u0116JIMO I\u0160PA\u017dINIMAS nuoroda \u010dia ADORACIJA nuoroda \u010dia Maldavimai\u0160ventas Dieve, \u0160ventas galingasis, \u0160ventas am\u017einasis, pasigail\u0117k m\u016bs\u0173!Nuo maro, bado, ugnies ir karo gelb\u0117k mus, Vie\u0161patie!Nuo staigios ir netik\u0117tos mirties saugok mus, Vie\u0161patie!Savo \u0161vent\u0105j\u0105 Ba\u017eny\u010di\u0105 valdyti ir laikyti teikis, meld\u017eiam tave, Vie\u0161patie!Visai \u017emonijai taik\u0105 ir vienyb\u0119 duoti teikis, meld\u017eiam tave, Vie\u0161patie!M\u016bs\u0173 T\u0117vyn\u0119 krik\u0161\u010dioni\u0161koje dorov\u0117je i\u0161laikyti teikis, meld\u017eiam tave, [&hellip;]<\/p>\n","protected":false},"author":1,"featured_media":0,"parent":404,"menu_order":3,"comment_status":"closed","ping_status":"closed","template":"","meta":{"om_disable_all_campaigns":false,"_mi_skip_tracking":false,"_monsterinsights_sitenote_active":false,"_monsterinsights_sitenote_note":"","_monsterinsights_sitenote_category":0,"footnotes":""},"aioseo_notices":[],"_links":{"self":[{"href":"https:\/\/kristuskaralius.lt\/index.php\/wp-json\/wp\/v2\/pages\/55"}],"collection":[{"href":"https:\/\/kristuskaralius.lt\/index.php\/wp-json\/wp\/v2\/pages"}],"about":[{"href":"https:\/\/kristuskaralius.lt\/index.php\/wp-json\/wp\/v2\/types\/page"}],"author":[{"embeddable":true,"href":"https:\/\/kristuskaralius.lt\/index.php\/wp-json\/wp\/v2\/users\/1"}],"replies":[{"embeddable":true,"href":"https:\/\/kristuskaralius.lt\/index.php\/wp-json\/wp\/v2\/comments?post=55"}],"version-history":[{"count":93,"href":"https:\/\/kristuskaralius.lt\/index.php\/wp-json\/wp\/v2\/pages\/55\/revisions"}],"predecessor-version":[{"id":4480,"href":"https:\/\/kristuskaralius.lt\/index.php\/wp-json\/wp\/v2\/pages\/55\/revisions\/4480"}],"up":[{"embeddable":true,"href":"https:\/\/kristuskaralius.lt\/index.php\/wp-json\/wp\/v2\/pages\/404"}],"wp:attachment":[{"href":"https:\/\/kristuskaralius.lt\/index.php\/wp-json\/wp\/v2\/media?parent=55"}],"curies":[{"name":"wp","href":"https:\/\/api.w.org\/{rel}","templated":true}]}}