{"id":70,"date":"2022-04-24T13:39:45","date_gmt":"2022-04-24T13:39:45","guid":{"rendered":"http:\/\/vegglu.com\/?page_id=70"},"modified":"2024-01-03T16:45:24","modified_gmt":"2024-01-03T16:45:24","slug":"naujienos","status":"publish","type":"page","link":"https:\/\/kristuskaralius.lt\/index.php\/baznycia\/naujienos\/","title":{"rendered":"Istorija"},"content":{"rendered":"\n<p><strong>Antrojo pasaulinio karo metu <\/strong>senoji Klaip\u0117da buvo naikinama. 1945 m. sausio m\u0117nes\u012f subombarduoti beveik visi maldos namai.<\/p>\n\n\n\n<p><br><strong>1945 m. gegu\u017e\u0117s m\u0117nes\u012f <\/strong>pasira\u0161ytu Tel\u0161i\u0173 vyskupo pra\u0161ymu jau t\u0173 pa\u010di\u0173 met\u0173 pabaigoje katalikams buvo atiduota irvingeri\u0173 Apa\u0161tal\u0173 Ba\u017eny\u010dia, esanti J\u016bros aik\u0161t\u0117s ir Bok\u0161t\u0173 skersgatvio kampe. Tai buvusi vokie\u010di\u0173 senkatalik\u0173 \u201eKatolische Apostolische Gemeindekirche\u201c ba\u017eny\u010dia. Tais pa\u010diais metais ba\u017eny\u010diai suteiktas Kristaus Karaliaus titulas.<\/p>\n\n\n\n<p><br><strong>Nuo pokario iki 1988-\u0173j\u0173<\/strong> Kristaus Karaliaus ba\u017eny\u010dia buvo vieninteliai veikiantys katalik\u0173 maldos namai Klaip\u0117doje.<\/p>\n\n\n\n<p><br><strong>1997 m. Klaip\u0117dos Kristaus Karaliaus ba\u017eny\u010dia rekonstruota<\/strong> pagal architekto Sauliaus Prikockio projekt\u0105 pristatant apsid\u0119 ir zakristij\u0105.<\/p>\n\n\n\n<figure class=\"wp-block-image size-large\"><img loading=\"lazy\" decoding=\"async\" width=\"1024\" height=\"682\" src=\"https:\/\/kristuskaralius.lt\/wp-content\/uploads\/2023\/09\/Kryzius-kiemas-3-Darija-Vasiliauskiene-2023.08-1-1024x682.jpg\" alt=\"\" class=\"wp-image-1040\" srcset=\"https:\/\/kristuskaralius.lt\/wp-content\/uploads\/2023\/09\/Kryzius-kiemas-3-Darija-Vasiliauskiene-2023.08-1-1024x682.jpg 1024w, https:\/\/kristuskaralius.lt\/wp-content\/uploads\/2023\/09\/Kryzius-kiemas-3-Darija-Vasiliauskiene-2023.08-1-300x200.jpg 300w, https:\/\/kristuskaralius.lt\/wp-content\/uploads\/2023\/09\/Kryzius-kiemas-3-Darija-Vasiliauskiene-2023.08-1-768x511.jpg 768w, https:\/\/kristuskaralius.lt\/wp-content\/uploads\/2023\/09\/Kryzius-kiemas-3-Darija-Vasiliauskiene-2023.08-1-1536x1022.jpg 1536w, https:\/\/kristuskaralius.lt\/wp-content\/uploads\/2023\/09\/Kryzius-kiemas-3-Darija-Vasiliauskiene-2023.08-1-2048x1363.jpg 2048w\" sizes=\"(max-width: 1024px) 100vw, 1024px\" \/><\/figure>\n\n\n\n<figure class=\"wp-block-gallery has-nested-images columns-default is-cropped wp-block-gallery-1 is-layout-flex wp-block-gallery-is-layout-flex\">\n<figure class=\"wp-block-image size-large\"><img loading=\"lazy\" decoding=\"async\" width=\"1024\" height=\"768\" data-id=\"801\" src=\"https:\/\/kristuskaralius.lt\/wp-content\/uploads\/2023\/08\/2023.08-Gelt.rozes-Akvile-Melkunaite-1-1024x768.jpg\" alt=\"\" class=\"wp-image-801\" srcset=\"https:\/\/kristuskaralius.lt\/wp-content\/uploads\/2023\/08\/2023.08-Gelt.rozes-Akvile-Melkunaite-1-1024x768.jpg 1024w, https:\/\/kristuskaralius.lt\/wp-content\/uploads\/2023\/08\/2023.08-Gelt.rozes-Akvile-Melkunaite-1-300x225.jpg 300w, https:\/\/kristuskaralius.lt\/wp-content\/uploads\/2023\/08\/2023.08-Gelt.rozes-Akvile-Melkunaite-1-768x576.jpg 768w, https:\/\/kristuskaralius.lt\/wp-content\/uploads\/2023\/08\/2023.08-Gelt.rozes-Akvile-Melkunaite-1-1536x1152.jpg 1536w, https:\/\/kristuskaralius.lt\/wp-content\/uploads\/2023\/08\/2023.08-Gelt.rozes-Akvile-Melkunaite-1-2048x1536.jpg 2048w\" sizes=\"(max-width: 1024px) 100vw, 1024px\" \/><\/figure>\n\n\n\n<figure class=\"wp-block-image size-large\"><img loading=\"lazy\" decoding=\"async\" width=\"768\" height=\"1024\" data-id=\"1042\" src=\"https:\/\/kristuskaralius.lt\/wp-content\/uploads\/2023\/09\/2023.08-Raud.rozes-Akvile-Melkunaite-768x1024.jpg\" alt=\"\" class=\"wp-image-1042\" srcset=\"https:\/\/kristuskaralius.lt\/wp-content\/uploads\/2023\/09\/2023.08-Raud.rozes-Akvile-Melkunaite-768x1024.jpg 768w, https:\/\/kristuskaralius.lt\/wp-content\/uploads\/2023\/09\/2023.08-Raud.rozes-Akvile-Melkunaite-225x300.jpg 225w, https:\/\/kristuskaralius.lt\/wp-content\/uploads\/2023\/09\/2023.08-Raud.rozes-Akvile-Melkunaite-1152x1536.jpg 1152w, https:\/\/kristuskaralius.lt\/wp-content\/uploads\/2023\/09\/2023.08-Raud.rozes-Akvile-Melkunaite-1536x2048.jpg 1536w, https:\/\/kristuskaralius.lt\/wp-content\/uploads\/2023\/09\/2023.08-Raud.rozes-Akvile-Melkunaite-scaled.jpg 1920w\" sizes=\"(max-width: 768px) 100vw, 768px\" \/><\/figure>\n<\/figure>\n\n\n\n<figure class=\"wp-block-gallery has-nested-images columns-default is-cropped wp-block-gallery-2 is-layout-flex wp-block-gallery-is-layout-flex\">\n<figure class=\"wp-block-image size-large\"><img loading=\"lazy\" decoding=\"async\" width=\"1024\" height=\"682\" data-id=\"1037\" src=\"https:\/\/kristuskaralius.lt\/wp-content\/uploads\/2023\/09\/Pastatas-roziu-tvora-1-1024x682.jpg\" alt=\"\" class=\"wp-image-1037\" srcset=\"https:\/\/kristuskaralius.lt\/wp-content\/uploads\/2023\/09\/Pastatas-roziu-tvora-1-1024x682.jpg 1024w, https:\/\/kristuskaralius.lt\/wp-content\/uploads\/2023\/09\/Pastatas-roziu-tvora-1-300x200.jpg 300w, https:\/\/kristuskaralius.lt\/wp-content\/uploads\/2023\/09\/Pastatas-roziu-tvora-1-768x511.jpg 768w, https:\/\/kristuskaralius.lt\/wp-content\/uploads\/2023\/09\/Pastatas-roziu-tvora-1-1536x1022.jpg 1536w, https:\/\/kristuskaralius.lt\/wp-content\/uploads\/2023\/09\/Pastatas-roziu-tvora-1-2048x1363.jpg 2048w\" sizes=\"(max-width: 1024px) 100vw, 1024px\" \/><\/figure>\n<\/figure>\n\n\n\n<figure class=\"wp-block-gallery has-nested-images columns-default is-cropped wp-block-gallery-3 is-layout-flex wp-block-gallery-is-layout-flex\">\n<figure class=\"wp-block-image size-large\"><img loading=\"lazy\" decoding=\"async\" width=\"1024\" height=\"682\" data-id=\"1035\" src=\"https:\/\/kristuskaralius.lt\/wp-content\/uploads\/2023\/09\/Pastatas-1-1024x682.jpg\" alt=\"\" class=\"wp-image-1035\" srcset=\"https:\/\/kristuskaralius.lt\/wp-content\/uploads\/2023\/09\/Pastatas-1-1024x682.jpg 1024w, https:\/\/kristuskaralius.lt\/wp-content\/uploads\/2023\/09\/Pastatas-1-300x200.jpg 300w, https:\/\/kristuskaralius.lt\/wp-content\/uploads\/2023\/09\/Pastatas-1-768x511.jpg 768w, https:\/\/kristuskaralius.lt\/wp-content\/uploads\/2023\/09\/Pastatas-1-1536x1022.jpg 1536w, https:\/\/kristuskaralius.lt\/wp-content\/uploads\/2023\/09\/Pastatas-1-2048x1363.jpg 2048w\" sizes=\"(max-width: 1024px) 100vw, 1024px\" \/><\/figure>\n<\/figure>\n\n\n\n<p><br><strong>2001 m. atliktas pastato kapitalinis remontas<\/strong> pagal architekto Sauliaus Manomai\u010dio projekt\u0105. Pagrindinis ba\u017eny\u010dios restauravimo id\u0117jos \u012fkv\u0117p\u0117jas ir r\u0117m\u0117jas \u2013 Ram\u016bnas Milikas.<\/p>\n\n\n\n<p><strong>Ba\u017eny\u010dios interjeras<\/strong> papuo\u0161tas dailinink\u0173 Dalios Skard\u017ei\u016bt\u0117s, Carlo Bertagnin OFM ir Pauliaus Vaineikio OFM nutapytomis <a href=\"http:\/\/www.lcn.lt\/ofm_ikonu-kryziaus-kelias\/kristauski.html\" title=\"\">Kristaus Karaliaus<\/a> ir <a href=\"http:\/\/www.lcn.lt\/ofm_ikonu-kryziaus-kelias\/kryziauski.html\" title=\"\">Kristaus kan\u010dios kelio ikonomis<\/a>.<\/p>\n\n\n\n<p>\u201e<strong>Ikonografija<\/strong> yra graik\u0173 \u017eod\u017ei\u0173 \u201eeikon\u201c (atvaizdas) + \u201egraphos\u201c (\u201ekad para\u0161yt\u0173\u201c) junginys. \u201eKaip \u0160ventas Ra\u0161tas \u017eod\u017eiu perduoda mums i\u0161ganym\u0105, taip ikona perduoda t\u0105 pat\u012f forma ir spalvomis\u201c (Nik\u0117jos II susirinkimas 787 m.). Ikona, tarsi liturgin\u0117 knyga \u2013 istori\u0161kai ra\u0161oma teptuku\u201c <a href=\"http:\/\/www.polia.info\/Ikona\/Ivadas.htm\" title=\"\">(http:\/\/www.polia.info\/Ikona\/Ivadas.htm)<\/a>.<\/p>\n\n\n\n<figure class=\"wp-block-gallery has-nested-images columns-default is-cropped wp-block-gallery-4 is-layout-flex wp-block-gallery-is-layout-flex\">\n<figure class=\"wp-block-image size-large\"><a href=\"https:\/\/kristuskaralius.lt\/index.php\/atlaidai\/\"><img loading=\"lazy\" decoding=\"async\" width=\"669\" height=\"1000\" data-id=\"41\" src=\"https:\/\/kristuskaralius.lt\/wp-content\/uploads\/2022\/04\/Kristuskaralius0975.jpg\" alt=\"\" class=\"wp-image-41\" srcset=\"https:\/\/kristuskaralius.lt\/wp-content\/uploads\/2022\/04\/Kristuskaralius0975.jpg 669w, https:\/\/kristuskaralius.lt\/wp-content\/uploads\/2022\/04\/Kristuskaralius0975-201x300.jpg 201w\" sizes=\"(max-width: 669px) 100vw, 669px\" \/><\/a><\/figure>\n<\/figure>\n\n\n\n<figure class=\"wp-block-gallery has-nested-images columns-default is-cropped wp-block-gallery-5 is-layout-flex wp-block-gallery-is-layout-flex\">\n<figure class=\"wp-block-image size-large\"><a href=\"http:\/\/www.lcn.lt\/ofm_ikonu-kryziaus-kelias\/02.html\"><img loading=\"lazy\" decoding=\"async\" width=\"657\" height=\"1024\" data-id=\"1030\" src=\"https:\/\/kristuskaralius.lt\/wp-content\/uploads\/2023\/09\/Ikona-Jezus-paima-nesti-kryziu-Darija-Vasiliauskiene-2023.08-657x1024.jpg\" alt=\"\" class=\"wp-image-1030\" srcset=\"https:\/\/kristuskaralius.lt\/wp-content\/uploads\/2023\/09\/Ikona-Jezus-paima-nesti-kryziu-Darija-Vasiliauskiene-2023.08-657x1024.jpg 657w, https:\/\/kristuskaralius.lt\/wp-content\/uploads\/2023\/09\/Ikona-Jezus-paima-nesti-kryziu-Darija-Vasiliauskiene-2023.08-192x300.jpg 192w, https:\/\/kristuskaralius.lt\/wp-content\/uploads\/2023\/09\/Ikona-Jezus-paima-nesti-kryziu-Darija-Vasiliauskiene-2023.08-768x1198.jpg 768w, https:\/\/kristuskaralius.lt\/wp-content\/uploads\/2023\/09\/Ikona-Jezus-paima-nesti-kryziu-Darija-Vasiliauskiene-2023.08-985x1536.jpg 985w, https:\/\/kristuskaralius.lt\/wp-content\/uploads\/2023\/09\/Ikona-Jezus-paima-nesti-kryziu-Darija-Vasiliauskiene-2023.08-1313x2048.jpg 1313w, https:\/\/kristuskaralius.lt\/wp-content\/uploads\/2023\/09\/Ikona-Jezus-paima-nesti-kryziu-Darija-Vasiliauskiene-2023.08-scaled.jpg 1641w\" sizes=\"(max-width: 657px) 100vw, 657px\" \/><\/a><\/figure>\n\n\n\n<figure class=\"wp-block-image size-large\"><a href=\"http:\/\/www.lcn.lt\/ofm_ikonu-kryziaus-kelias\/05.html\"><img loading=\"lazy\" decoding=\"async\" width=\"689\" height=\"1024\" data-id=\"1031\" src=\"https:\/\/kristuskaralius.lt\/wp-content\/uploads\/2023\/09\/Ikona-Kirenietis-padeda-nesti-Darija-Vasiliauskiene-2023.08-689x1024.jpg\" alt=\"\" class=\"wp-image-1031\" srcset=\"https:\/\/kristuskaralius.lt\/wp-content\/uploads\/2023\/09\/Ikona-Kirenietis-padeda-nesti-Darija-Vasiliauskiene-2023.08-689x1024.jpg 689w, https:\/\/kristuskaralius.lt\/wp-content\/uploads\/2023\/09\/Ikona-Kirenietis-padeda-nesti-Darija-Vasiliauskiene-2023.08-202x300.jpg 202w, https:\/\/kristuskaralius.lt\/wp-content\/uploads\/2023\/09\/Ikona-Kirenietis-padeda-nesti-Darija-Vasiliauskiene-2023.08-768x1142.jpg 768w, https:\/\/kristuskaralius.lt\/wp-content\/uploads\/2023\/09\/Ikona-Kirenietis-padeda-nesti-Darija-Vasiliauskiene-2023.08-1033x1536.jpg 1033w, https:\/\/kristuskaralius.lt\/wp-content\/uploads\/2023\/09\/Ikona-Kirenietis-padeda-nesti-Darija-Vasiliauskiene-2023.08-1378x2048.jpg 1378w, https:\/\/kristuskaralius.lt\/wp-content\/uploads\/2023\/09\/Ikona-Kirenietis-padeda-nesti-Darija-Vasiliauskiene-2023.08-scaled.jpg 1722w\" sizes=\"(max-width: 689px) 100vw, 689px\" \/><\/a><\/figure>\n\n\n\n<figure class=\"wp-block-image size-large\"><a href=\"http:\/\/www.lcn.lt\/ofm_ikonu-kryziaus-kelias\/11.html\"><img loading=\"lazy\" decoding=\"async\" width=\"694\" height=\"1024\" data-id=\"1028\" src=\"https:\/\/kristuskaralius.lt\/wp-content\/uploads\/2023\/09\/Ikona-Jezu-kala-prie-kryziaus-Darija-Vasiliauskiene-2023.08-694x1024.jpg\" alt=\"\" class=\"wp-image-1028\" srcset=\"https:\/\/kristuskaralius.lt\/wp-content\/uploads\/2023\/09\/Ikona-Jezu-kala-prie-kryziaus-Darija-Vasiliauskiene-2023.08-694x1024.jpg 694w, https:\/\/kristuskaralius.lt\/wp-content\/uploads\/2023\/09\/Ikona-Jezu-kala-prie-kryziaus-Darija-Vasiliauskiene-2023.08-203x300.jpg 203w, https:\/\/kristuskaralius.lt\/wp-content\/uploads\/2023\/09\/Ikona-Jezu-kala-prie-kryziaus-Darija-Vasiliauskiene-2023.08-768x1133.jpg 768w, https:\/\/kristuskaralius.lt\/wp-content\/uploads\/2023\/09\/Ikona-Jezu-kala-prie-kryziaus-Darija-Vasiliauskiene-2023.08-1041x1536.jpg 1041w, https:\/\/kristuskaralius.lt\/wp-content\/uploads\/2023\/09\/Ikona-Jezu-kala-prie-kryziaus-Darija-Vasiliauskiene-2023.08-1388x2048.jpg 1388w, https:\/\/kristuskaralius.lt\/wp-content\/uploads\/2023\/09\/Ikona-Jezu-kala-prie-kryziaus-Darija-Vasiliauskiene-2023.08-scaled.jpg 1736w\" sizes=\"(max-width: 694px) 100vw, 694px\" \/><\/a><\/figure>\n\n\n\n<figure class=\"wp-block-image size-large\"><a href=\"http:\/\/www.lcn.lt\/ofm_ikonu-kryziaus-kelias\/06.html\"><img loading=\"lazy\" decoding=\"async\" width=\"689\" height=\"1024\" data-id=\"1032\" src=\"https:\/\/kristuskaralius.lt\/wp-content\/uploads\/2023\/09\/Ikona-Veronika-Darija-Vasiliauskiene-689x1024.jpg\" alt=\"\" class=\"wp-image-1032\" srcset=\"https:\/\/kristuskaralius.lt\/wp-content\/uploads\/2023\/09\/Ikona-Veronika-Darija-Vasiliauskiene-689x1024.jpg 689w, https:\/\/kristuskaralius.lt\/wp-content\/uploads\/2023\/09\/Ikona-Veronika-Darija-Vasiliauskiene-202x300.jpg 202w, https:\/\/kristuskaralius.lt\/wp-content\/uploads\/2023\/09\/Ikona-Veronika-Darija-Vasiliauskiene-768x1142.jpg 768w, https:\/\/kristuskaralius.lt\/wp-content\/uploads\/2023\/09\/Ikona-Veronika-Darija-Vasiliauskiene-1033x1536.jpg 1033w, https:\/\/kristuskaralius.lt\/wp-content\/uploads\/2023\/09\/Ikona-Veronika-Darija-Vasiliauskiene-1378x2048.jpg 1378w, https:\/\/kristuskaralius.lt\/wp-content\/uploads\/2023\/09\/Ikona-Veronika-Darija-Vasiliauskiene-scaled.jpg 1722w\" sizes=\"(max-width: 689px) 100vw, 689px\" \/><\/a><\/figure>\n\n\n\n<figure class=\"wp-block-image size-large\"><a href=\"http:\/\/www.lcn.lt\/ofm_ikonu-kryziaus-kelias\/12.html\"><img loading=\"lazy\" decoding=\"async\" width=\"743\" height=\"1024\" data-id=\"1029\" src=\"https:\/\/kristuskaralius.lt\/wp-content\/uploads\/2023\/09\/Jezus-ant-kryziaus-Darija-Vasiliauskiene-2023.08-743x1024.jpg\" alt=\"\" class=\"wp-image-1029\" srcset=\"https:\/\/kristuskaralius.lt\/wp-content\/uploads\/2023\/09\/Jezus-ant-kryziaus-Darija-Vasiliauskiene-2023.08-743x1024.jpg 743w, https:\/\/kristuskaralius.lt\/wp-content\/uploads\/2023\/09\/Jezus-ant-kryziaus-Darija-Vasiliauskiene-2023.08-218x300.jpg 218w, https:\/\/kristuskaralius.lt\/wp-content\/uploads\/2023\/09\/Jezus-ant-kryziaus-Darija-Vasiliauskiene-2023.08-768x1058.jpg 768w, https:\/\/kristuskaralius.lt\/wp-content\/uploads\/2023\/09\/Jezus-ant-kryziaus-Darija-Vasiliauskiene-2023.08-1115x1536.jpg 1115w, https:\/\/kristuskaralius.lt\/wp-content\/uploads\/2023\/09\/Jezus-ant-kryziaus-Darija-Vasiliauskiene-2023.08-1486x2048.jpg 1486w, https:\/\/kristuskaralius.lt\/wp-content\/uploads\/2023\/09\/Jezus-ant-kryziaus-Darija-Vasiliauskiene-2023.08-scaled.jpg 1858w\" sizes=\"(max-width: 743px) 100vw, 743px\" \/><\/a><\/figure>\n<\/figure>\n\n\n\n<p><br><strong>2001 m. lapkri\u010dio 25 dien\u0105 \u012fvyko ba\u017eny\u010dios koncekracijos i\u0161kilm\u0117s.<\/strong> Koncekracijos apeigas ved\u0117 Tel\u0161i\u0173 vyskupas Antanas Vai\u010dius. Ilgus metus Kristaus Karaliaus ba\u017eny\u010diai vadovavo kunigas Bernardas Talai\u0161is.<\/p>\n\n\n\n<p><strong>2002 m<\/strong>. Kristaus Karaliaus \u0161vent\u0117s proga Lietuvos pasaulie\u010di\u0173 pranci\u0161kon\u0173 ordino iniciatyva, bendradarbiaujant su broliais pranci\u0161konais, parengtas leidin\u0117lis <strong><a href=\"http:\/\/www.lcn.lt\/ofm_ikonu-kryziaus-kelias\/index.html\" title=\"\">\u201eKRY\u017dIAUS KELIAS Klaip\u0117dos Kristaus Karaliaus ba\u017eny\u010dioje\u201c<\/a><\/strong>. Leidinio dizainer\u0117 \u2013 Silvija Knezekyt\u0117.<\/p>\n\n\n\n<p><br><strong>2009 m. ba\u017eny\u010dia papuo\u0161ta \u0160v\u010d. Mergel\u0117s Marijos ikona<\/strong>, nutapyta ikonograf\u0117s Angel\u0117s Joknyt\u0117s.<\/p>\n\n\n\n<figure class=\"wp-block-gallery has-nested-images columns-default is-cropped wp-block-gallery-6 is-layout-flex wp-block-gallery-is-layout-flex\">\n<figure class=\"wp-block-image size-large\"><img loading=\"lazy\" decoding=\"async\" width=\"645\" height=\"1024\" data-id=\"1033\" src=\"https:\/\/kristuskaralius.lt\/wp-content\/uploads\/2023\/09\/Ikona-Marija-Darija-Vasiliauskiene-2023.08-645x1024.jpg\" alt=\"\" class=\"wp-image-1033\" srcset=\"https:\/\/kristuskaralius.lt\/wp-content\/uploads\/2023\/09\/Ikona-Marija-Darija-Vasiliauskiene-2023.08-645x1024.jpg 645w, https:\/\/kristuskaralius.lt\/wp-content\/uploads\/2023\/09\/Ikona-Marija-Darija-Vasiliauskiene-2023.08-189x300.jpg 189w, https:\/\/kristuskaralius.lt\/wp-content\/uploads\/2023\/09\/Ikona-Marija-Darija-Vasiliauskiene-2023.08-768x1219.jpg 768w, https:\/\/kristuskaralius.lt\/wp-content\/uploads\/2023\/09\/Ikona-Marija-Darija-Vasiliauskiene-2023.08-968x1536.jpg 968w, https:\/\/kristuskaralius.lt\/wp-content\/uploads\/2023\/09\/Ikona-Marija-Darija-Vasiliauskiene-2023.08-1290x2048.jpg 1290w, https:\/\/kristuskaralius.lt\/wp-content\/uploads\/2023\/09\/Ikona-Marija-Darija-Vasiliauskiene-2023.08-scaled.jpg 1613w\" sizes=\"(max-width: 645px) 100vw, 645px\" \/><\/figure>\n<\/figure>\n\n\n\n<p><br><strong>2013 m. ba\u017eny\u010dioje \u012fstatyti nauji vitra\u017eai <\/strong>(restauratorius vitra\u017eistas Dagis Bumbulis ir Dalia Mulevi\u010dien\u0117).<\/p>\n\n\n\n<figure class=\"wp-block-gallery has-nested-images columns-default is-cropped wp-block-gallery-7 is-layout-flex wp-block-gallery-is-layout-flex\">\n<figure class=\"wp-block-image size-large\"><img loading=\"lazy\" decoding=\"async\" width=\"691\" height=\"1024\" data-id=\"1025\" src=\"https:\/\/kristuskaralius.lt\/wp-content\/uploads\/2023\/09\/Vitrazas-zuvis-Darija-Vasiliauskiene-2023.08-691x1024.jpg\" alt=\"\" class=\"wp-image-1025\" srcset=\"https:\/\/kristuskaralius.lt\/wp-content\/uploads\/2023\/09\/Vitrazas-zuvis-Darija-Vasiliauskiene-2023.08-691x1024.jpg 691w, https:\/\/kristuskaralius.lt\/wp-content\/uploads\/2023\/09\/Vitrazas-zuvis-Darija-Vasiliauskiene-2023.08-203x300.jpg 203w, https:\/\/kristuskaralius.lt\/wp-content\/uploads\/2023\/09\/Vitrazas-zuvis-Darija-Vasiliauskiene-2023.08-768x1137.jpg 768w, https:\/\/kristuskaralius.lt\/wp-content\/uploads\/2023\/09\/Vitrazas-zuvis-Darija-Vasiliauskiene-2023.08-1037x1536.jpg 1037w, https:\/\/kristuskaralius.lt\/wp-content\/uploads\/2023\/09\/Vitrazas-zuvis-Darija-Vasiliauskiene-2023.08-1383x2048.jpg 1383w, https:\/\/kristuskaralius.lt\/wp-content\/uploads\/2023\/09\/Vitrazas-zuvis-Darija-Vasiliauskiene-2023.08-scaled.jpg 1729w\" sizes=\"(max-width: 691px) 100vw, 691px\" \/><\/figure>\n\n\n\n<figure class=\"wp-block-image size-large\"><img loading=\"lazy\" decoding=\"async\" width=\"671\" height=\"1024\" data-id=\"1024\" src=\"https:\/\/kristuskaralius.lt\/wp-content\/uploads\/2023\/09\/Vitrazas-kryzius-Darija-Vasiliauskiene-2023.08-671x1024.jpg\" alt=\"\" class=\"wp-image-1024\" srcset=\"https:\/\/kristuskaralius.lt\/wp-content\/uploads\/2023\/09\/Vitrazas-kryzius-Darija-Vasiliauskiene-2023.08-671x1024.jpg 671w, https:\/\/kristuskaralius.lt\/wp-content\/uploads\/2023\/09\/Vitrazas-kryzius-Darija-Vasiliauskiene-2023.08-197x300.jpg 197w, https:\/\/kristuskaralius.lt\/wp-content\/uploads\/2023\/09\/Vitrazas-kryzius-Darija-Vasiliauskiene-2023.08-768x1172.jpg 768w, https:\/\/kristuskaralius.lt\/wp-content\/uploads\/2023\/09\/Vitrazas-kryzius-Darija-Vasiliauskiene-2023.08-1007x1536.jpg 1007w, https:\/\/kristuskaralius.lt\/wp-content\/uploads\/2023\/09\/Vitrazas-kryzius-Darija-Vasiliauskiene-2023.08-1342x2048.jpg 1342w, https:\/\/kristuskaralius.lt\/wp-content\/uploads\/2023\/09\/Vitrazas-kryzius-Darija-Vasiliauskiene-2023.08-scaled.jpg 1678w\" sizes=\"(max-width: 671px) 100vw, 671px\" \/><\/figure>\n\n\n\n<figure class=\"wp-block-image size-large\"><img loading=\"lazy\" decoding=\"async\" width=\"691\" height=\"1024\" data-id=\"1026\" src=\"https:\/\/kristuskaralius.lt\/wp-content\/uploads\/2023\/09\/Vitrazas-Balandis-Darija-Vasiliauskiene-2023.08-691x1024.jpg\" alt=\"\" class=\"wp-image-1026\" srcset=\"https:\/\/kristuskaralius.lt\/wp-content\/uploads\/2023\/09\/Vitrazas-Balandis-Darija-Vasiliauskiene-2023.08-691x1024.jpg 691w, https:\/\/kristuskaralius.lt\/wp-content\/uploads\/2023\/09\/Vitrazas-Balandis-Darija-Vasiliauskiene-2023.08-202x300.jpg 202w, https:\/\/kristuskaralius.lt\/wp-content\/uploads\/2023\/09\/Vitrazas-Balandis-Darija-Vasiliauskiene-2023.08-768x1138.jpg 768w, https:\/\/kristuskaralius.lt\/wp-content\/uploads\/2023\/09\/Vitrazas-Balandis-Darija-Vasiliauskiene-2023.08-1036x1536.jpg 1036w, https:\/\/kristuskaralius.lt\/wp-content\/uploads\/2023\/09\/Vitrazas-Balandis-Darija-Vasiliauskiene-2023.08-1382x2048.jpg 1382w, https:\/\/kristuskaralius.lt\/wp-content\/uploads\/2023\/09\/Vitrazas-Balandis-Darija-Vasiliauskiene-2023.08-scaled.jpg 1727w\" sizes=\"(max-width: 691px) 100vw, 691px\" \/><\/figure>\n<\/figure>\n\n\n\n<p><br><strong>2014\u20132015 m. pagal Henriko Ratauto projekt\u0105 atnaujintas ba\u017eny\u010dios interjeras. <\/strong>\u0160iandien ba\u017eny\u010di\u0105 puo\u0161ia naujas altorius, krik\u0161tykla, naujos klausyklos ir suolai.<\/p>\n\n\n\n<figure class=\"wp-block-image size-large\"><img loading=\"lazy\" decoding=\"async\" width=\"1024\" height=\"682\" src=\"https:\/\/kristuskaralius.lt\/wp-content\/uploads\/2023\/09\/Altorius-Marija-Tabernakulis-Krikstykla-Darija-Vasiliauskiene-2023.08-2-1024x682.jpg\" alt=\"\" class=\"wp-image-1056\" srcset=\"https:\/\/kristuskaralius.lt\/wp-content\/uploads\/2023\/09\/Altorius-Marija-Tabernakulis-Krikstykla-Darija-Vasiliauskiene-2023.08-2-1024x682.jpg 1024w, https:\/\/kristuskaralius.lt\/wp-content\/uploads\/2023\/09\/Altorius-Marija-Tabernakulis-Krikstykla-Darija-Vasiliauskiene-2023.08-2-300x200.jpg 300w, https:\/\/kristuskaralius.lt\/wp-content\/uploads\/2023\/09\/Altorius-Marija-Tabernakulis-Krikstykla-Darija-Vasiliauskiene-2023.08-2-768x511.jpg 768w, https:\/\/kristuskaralius.lt\/wp-content\/uploads\/2023\/09\/Altorius-Marija-Tabernakulis-Krikstykla-Darija-Vasiliauskiene-2023.08-2-1536x1022.jpg 1536w, https:\/\/kristuskaralius.lt\/wp-content\/uploads\/2023\/09\/Altorius-Marija-Tabernakulis-Krikstykla-Darija-Vasiliauskiene-2023.08-2-2048x1363.jpg 2048w\" sizes=\"(max-width: 1024px) 100vw, 1024px\" \/><\/figure>\n\n\n\n<figure class=\"wp-block-gallery has-nested-images columns-default is-cropped wp-block-gallery-8 is-layout-flex wp-block-gallery-is-layout-flex\">\n<figure class=\"wp-block-image size-large\"><img loading=\"lazy\" decoding=\"async\" width=\"1000\" height=\"669\" data-id=\"38\" src=\"https:\/\/kristuskaralius.lt\/wp-content\/uploads\/2022\/04\/Kristuskaralius0958.jpg\" alt=\"\" class=\"wp-image-38\" srcset=\"https:\/\/kristuskaralius.lt\/wp-content\/uploads\/2022\/04\/Kristuskaralius0958.jpg 1000w, https:\/\/kristuskaralius.lt\/wp-content\/uploads\/2022\/04\/Kristuskaralius0958-300x201.jpg 300w, https:\/\/kristuskaralius.lt\/wp-content\/uploads\/2022\/04\/Kristuskaralius0958-768x514.jpg 768w\" sizes=\"(max-width: 1000px) 100vw, 1000px\" \/><\/figure>\n\n\n\n<figure class=\"wp-block-image size-large\"><img loading=\"lazy\" decoding=\"async\" width=\"500\" height=\"747\" data-id=\"52\" src=\"https:\/\/kristuskaralius.lt\/wp-content\/uploads\/2022\/04\/Kristuskaralius1033.jpg\" alt=\"\" class=\"wp-image-52\" srcset=\"https:\/\/kristuskaralius.lt\/wp-content\/uploads\/2022\/04\/Kristuskaralius1033.jpg 500w, https:\/\/kristuskaralius.lt\/wp-content\/uploads\/2022\/04\/Kristuskaralius1033-201x300.jpg 201w\" sizes=\"(max-width: 500px) 100vw, 500px\" \/><\/figure>\n\n\n\n<figure class=\"wp-block-image size-full\"><img loading=\"lazy\" decoding=\"async\" width=\"1000\" height=\"669\" data-id=\"42\" src=\"http:\/\/kristuskaralius.lt\/wp-content\/uploads\/2022\/04\/Kristuskaralius0988.jpg\" alt=\"\" class=\"wp-image-42\" srcset=\"https:\/\/kristuskaralius.lt\/wp-content\/uploads\/2022\/04\/Kristuskaralius0988.jpg 1000w, https:\/\/kristuskaralius.lt\/wp-content\/uploads\/2022\/04\/Kristuskaralius0988-300x201.jpg 300w, https:\/\/kristuskaralius.lt\/wp-content\/uploads\/2022\/04\/Kristuskaralius0988-768x514.jpg 768w\" sizes=\"(max-width: 1000px) 100vw, 1000px\" \/><\/figure>\n<\/figure>\n\n\n\n<figure class=\"wp-block-gallery has-nested-images columns-default is-cropped wp-block-gallery-9 is-layout-flex wp-block-gallery-is-layout-flex\">\n<figure class=\"wp-block-image size-large\"><img loading=\"lazy\" decoding=\"async\" width=\"1024\" height=\"682\" data-id=\"1144\" src=\"http:\/\/kristuskaralius.lt\/wp-content\/uploads\/2023\/09\/Klausyklavotai-Dar.-Vasil.-2023.09-1024x682.jpg\" alt=\"\" class=\"wp-image-1144\" srcset=\"https:\/\/kristuskaralius.lt\/wp-content\/uploads\/2023\/09\/Klausyklavotai-Dar.-Vasil.-2023.09-1024x682.jpg 1024w, https:\/\/kristuskaralius.lt\/wp-content\/uploads\/2023\/09\/Klausyklavotai-Dar.-Vasil.-2023.09-300x200.jpg 300w, https:\/\/kristuskaralius.lt\/wp-content\/uploads\/2023\/09\/Klausyklavotai-Dar.-Vasil.-2023.09-768x511.jpg 768w, https:\/\/kristuskaralius.lt\/wp-content\/uploads\/2023\/09\/Klausyklavotai-Dar.-Vasil.-2023.09-1536x1022.jpg 1536w, https:\/\/kristuskaralius.lt\/wp-content\/uploads\/2023\/09\/Klausyklavotai-Dar.-Vasil.-2023.09-2048x1363.jpg 2048w\" sizes=\"(max-width: 1024px) 100vw, 1024px\" \/><\/figure>\n\n\n\n<figure class=\"wp-block-image size-large\"><img loading=\"lazy\" decoding=\"async\" width=\"682\" height=\"1024\" data-id=\"1141\" src=\"https:\/\/kristuskaralius.lt\/wp-content\/uploads\/2023\/09\/Klausykla-Darija-Vasiliauskiene-2023.09-682x1024.jpg\" alt=\"\" class=\"wp-image-1141\" srcset=\"https:\/\/kristuskaralius.lt\/wp-content\/uploads\/2023\/09\/Klausykla-Darija-Vasiliauskiene-2023.09-682x1024.jpg 682w, https:\/\/kristuskaralius.lt\/wp-content\/uploads\/2023\/09\/Klausykla-Darija-Vasiliauskiene-2023.09-200x300.jpg 200w, https:\/\/kristuskaralius.lt\/wp-content\/uploads\/2023\/09\/Klausykla-Darija-Vasiliauskiene-2023.09-768x1154.jpg 768w, https:\/\/kristuskaralius.lt\/wp-content\/uploads\/2023\/09\/Klausykla-Darija-Vasiliauskiene-2023.09-scaled.jpg 1704w\" sizes=\"(max-width: 682px) 100vw, 682px\" \/><\/figure>\n<\/figure>\n\n\n\n<figure class=\"wp-block-image size-full\"><img loading=\"lazy\" decoding=\"async\" width=\"1000\" height=\"669\" src=\"http:\/\/kristuskaralius.lt\/wp-content\/uploads\/2022\/04\/Kristuskaralius1008.jpg\" alt=\"\" class=\"wp-image-46\" srcset=\"https:\/\/kristuskaralius.lt\/wp-content\/uploads\/2022\/04\/Kristuskaralius1008.jpg 1000w, https:\/\/kristuskaralius.lt\/wp-content\/uploads\/2022\/04\/Kristuskaralius1008-300x201.jpg 300w, https:\/\/kristuskaralius.lt\/wp-content\/uploads\/2022\/04\/Kristuskaralius1008-768x514.jpg 768w\" sizes=\"(max-width: 1000px) 100vw, 1000px\" \/><\/figure>\n\n\n\n<p><br><strong><a href=\"https:\/\/www.atviraklaipeda.lt\/2017\/11\/26\/pasventintos-naujos-baznycios-durys\/\" title=\"\">2017 m. lapkri\u010dio 26 d. Tel\u0161i\u0173 vyskupijos vyskupas K\u0119stutis K\u0117valas pa\u0161ventino nauj\u0105sias ba\u017eny\u010dios duris.<\/a><\/strong> Taip pamin\u0117tos \u017demai\u010di\u0173 vyskupijos \u012fsteigimo 600-osios metin\u0117s ir Lietuvos Nepriklausomyb\u0117s atk\u016brimo 100-metis. Dur\u0173 \u2013 \u201eD\u017eiaugsmo vartai\u201c \u2013  autoriai: K\u0119stutis Krasauskas (bronzin\u0117 dalis) ir Henrikas Ratautas (medin\u0117 dalis).<\/p>\n\n\n\n<p>\u201eD\u017eiaugsmo vartai\u201c padalinti \u012f \u0161e\u0161ias dalis, j\u0173 pagrindinis akcentas \u2013 vynuogi\u0173 motyvais puo\u0161tas kry\u017eius, kuriame \u012fra\u0161yti J\u0117zaus \u017eod\u017eiai: \u201eA\u0161 at\u0117jau, kad \u017emon\u0117s tur\u0117t\u0173 gyvenim\u0105, kad aps\u010diai jo tur\u0117t\u0173\u201c (Jn 10,10).<\/p>\n\n\n\n<p>\u0160e\u0161iose dalyse pavaizduotos pagrindin\u0117s tik\u0117jimo scenos: Aprei\u0161kimas, Kal\u0117dos, Velykos, Sekmin\u0117s, J\u0117zaus krik\u0161tas, pirmasis J\u0117zaus stebuklas vestuv\u0117se.<\/p>\n\n\n\n<p>Apie skulptori\u0173 K\u0119stut\u012f Krasausk\u0105, jo k\u016bryb\u0105 ir dur\u0173 projekt\u0105 <strong><a href=\"https:\/\/www.lrt.lt\/mediateka\/irasas\/2000292258\/sventadienio-mintys-sunu-su-dauno-sindromu-auginantis-skulptorius-kestutis-jei-priimi-viespaties-malone-turesi-daug-dovanu\" title=\"\">lrt.lt <\/a><\/strong> ir <strong><a href=\"http:\/\/sculptorkestutiskrasauskas.blogspot.com\/2016\/01\/klaipedos-kristaus-karaliaus-baznycios.html\" title=\"\">sculptorkestutiskrasauskas.blogspot.com<\/a><\/strong><\/p>\n\n\n\n<figure class=\"wp-block-gallery has-nested-images columns-default is-cropped wp-block-gallery-10 is-layout-flex wp-block-gallery-is-layout-flex\">\n<figure class=\"wp-block-image size-large\"><img loading=\"lazy\" decoding=\"async\" width=\"683\" height=\"1024\" data-id=\"1021\" src=\"https:\/\/kristuskaralius.lt\/wp-content\/uploads\/2023\/09\/Durys-centrines-Darija-Vasiliauskiene-2023.08-683x1024.jpg\" alt=\"\" class=\"wp-image-1021\" srcset=\"https:\/\/kristuskaralius.lt\/wp-content\/uploads\/2023\/09\/Durys-centrines-Darija-Vasiliauskiene-2023.08-683x1024.jpg 683w, https:\/\/kristuskaralius.lt\/wp-content\/uploads\/2023\/09\/Durys-centrines-Darija-Vasiliauskiene-2023.08-200x300.jpg 200w, https:\/\/kristuskaralius.lt\/wp-content\/uploads\/2023\/09\/Durys-centrines-Darija-Vasiliauskiene-2023.08-768x1152.jpg 768w, https:\/\/kristuskaralius.lt\/wp-content\/uploads\/2023\/09\/Durys-centrines-Darija-Vasiliauskiene-2023.08-1024x1536.jpg 1024w, https:\/\/kristuskaralius.lt\/wp-content\/uploads\/2023\/09\/Durys-centrines-Darija-Vasiliauskiene-2023.08-1365x2048.jpg 1365w, https:\/\/kristuskaralius.lt\/wp-content\/uploads\/2023\/09\/Durys-centrines-Darija-Vasiliauskiene-2023.08-scaled.jpg 1706w\" sizes=\"(max-width: 683px) 100vw, 683px\" \/><\/figure>\n<\/figure>\n\n\n\n<figure class=\"wp-block-gallery has-nested-images columns-default is-cropped wp-block-gallery-11 is-layout-flex wp-block-gallery-is-layout-flex\">\n<figure class=\"wp-block-image size-large\"><img loading=\"lazy\" decoding=\"async\" width=\"829\" height=\"906\" data-id=\"1193\" src=\"https:\/\/kristuskaralius.lt\/wp-content\/uploads\/2023\/09\/Durys-centrines-1Dar.-Vasil.-2023.09fragmentas-2.jpg\" alt=\"\" class=\"wp-image-1193\" srcset=\"https:\/\/kristuskaralius.lt\/wp-content\/uploads\/2023\/09\/Durys-centrines-1Dar.-Vasil.-2023.09fragmentas-2.jpg 829w, https:\/\/kristuskaralius.lt\/wp-content\/uploads\/2023\/09\/Durys-centrines-1Dar.-Vasil.-2023.09fragmentas-2-275x300.jpg 275w, https:\/\/kristuskaralius.lt\/wp-content\/uploads\/2023\/09\/Durys-centrines-1Dar.-Vasil.-2023.09fragmentas-2-768x839.jpg 768w\" sizes=\"(max-width: 829px) 100vw, 829px\" \/><\/figure>\n<\/figure>\n\n\n\n<figure class=\"wp-block-image size-large\"><img loading=\"lazy\" decoding=\"async\" width=\"1024\" height=\"268\" src=\"http:\/\/kristuskaralius.lt\/wp-content\/uploads\/2023\/09\/Durys-centrines-1Dar.-Vasil.-2023.09-kad-zmones-turetu-gyvenima-1024x268.jpg\" alt=\"\" class=\"wp-image-1171\" srcset=\"https:\/\/kristuskaralius.lt\/wp-content\/uploads\/2023\/09\/Durys-centrines-1Dar.-Vasil.-2023.09-kad-zmones-turetu-gyvenima-1024x268.jpg 1024w, https:\/\/kristuskaralius.lt\/wp-content\/uploads\/2023\/09\/Durys-centrines-1Dar.-Vasil.-2023.09-kad-zmones-turetu-gyvenima-300x78.jpg 300w, https:\/\/kristuskaralius.lt\/wp-content\/uploads\/2023\/09\/Durys-centrines-1Dar.-Vasil.-2023.09-kad-zmones-turetu-gyvenima-768x201.jpg 768w, https:\/\/kristuskaralius.lt\/wp-content\/uploads\/2023\/09\/Durys-centrines-1Dar.-Vasil.-2023.09-kad-zmones-turetu-gyvenima.jpg 1224w\" sizes=\"(max-width: 1024px) 100vw, 1024px\" \/><\/figure>\n\n\n\n<figure class=\"wp-block-image size-large\"><img loading=\"lazy\" decoding=\"async\" width=\"1024\" height=\"244\" src=\"http:\/\/kristuskaralius.lt\/wp-content\/uploads\/2023\/09\/Durys-centrines-1Dar.-Vasil.-2023.09kad-apsciai-jo-turetu-1024x244.jpg\" alt=\"\" class=\"wp-image-1172\" srcset=\"https:\/\/kristuskaralius.lt\/wp-content\/uploads\/2023\/09\/Durys-centrines-1Dar.-Vasil.-2023.09kad-apsciai-jo-turetu-1024x244.jpg 1024w, https:\/\/kristuskaralius.lt\/wp-content\/uploads\/2023\/09\/Durys-centrines-1Dar.-Vasil.-2023.09kad-apsciai-jo-turetu-300x72.jpg 300w, https:\/\/kristuskaralius.lt\/wp-content\/uploads\/2023\/09\/Durys-centrines-1Dar.-Vasil.-2023.09kad-apsciai-jo-turetu-768x183.jpg 768w, https:\/\/kristuskaralius.lt\/wp-content\/uploads\/2023\/09\/Durys-centrines-1Dar.-Vasil.-2023.09kad-apsciai-jo-turetu.jpg 1237w\" sizes=\"(max-width: 1024px) 100vw, 1024px\" \/><\/figure>\n\n\n\n<figure class=\"wp-block-gallery has-nested-images columns-default is-cropped wp-block-gallery-12 is-layout-flex wp-block-gallery-is-layout-flex\">\n<figure class=\"wp-block-image size-large\"><img loading=\"lazy\" decoding=\"async\" width=\"1024\" height=\"982\" data-id=\"1128\" src=\"http:\/\/kristuskaralius.lt\/wp-content\/uploads\/2023\/09\/Durys-centr.-fragm.-1-Dar.-Vasil.-2023.09-1024x982.jpg\" alt=\"\" class=\"wp-image-1128\" srcset=\"https:\/\/kristuskaralius.lt\/wp-content\/uploads\/2023\/09\/Durys-centr.-fragm.-1-Dar.-Vasil.-2023.09-1024x982.jpg 1024w, https:\/\/kristuskaralius.lt\/wp-content\/uploads\/2023\/09\/Durys-centr.-fragm.-1-Dar.-Vasil.-2023.09-300x288.jpg 300w, https:\/\/kristuskaralius.lt\/wp-content\/uploads\/2023\/09\/Durys-centr.-fragm.-1-Dar.-Vasil.-2023.09-768x736.jpg 768w, https:\/\/kristuskaralius.lt\/wp-content\/uploads\/2023\/09\/Durys-centr.-fragm.-1-Dar.-Vasil.-2023.09-1536x1473.jpg 1536w, https:\/\/kristuskaralius.lt\/wp-content\/uploads\/2023\/09\/Durys-centr.-fragm.-1-Dar.-Vasil.-2023.09-2048x1963.jpg 2048w\" sizes=\"(max-width: 1024px) 100vw, 1024px\" \/><\/figure>\n\n\n\n<figure class=\"wp-block-image size-large\"><img loading=\"lazy\" decoding=\"async\" width=\"1024\" height=\"928\" data-id=\"1131\" src=\"http:\/\/kristuskaralius.lt\/wp-content\/uploads\/2023\/09\/Durys-centr.-fragm.2-Dar.-Vasil.-2023.09-1024x928.jpg\" alt=\"\" class=\"wp-image-1131\" srcset=\"https:\/\/kristuskaralius.lt\/wp-content\/uploads\/2023\/09\/Durys-centr.-fragm.2-Dar.-Vasil.-2023.09-1024x928.jpg 1024w, https:\/\/kristuskaralius.lt\/wp-content\/uploads\/2023\/09\/Durys-centr.-fragm.2-Dar.-Vasil.-2023.09-300x272.jpg 300w, https:\/\/kristuskaralius.lt\/wp-content\/uploads\/2023\/09\/Durys-centr.-fragm.2-Dar.-Vasil.-2023.09-768x696.jpg 768w, https:\/\/kristuskaralius.lt\/wp-content\/uploads\/2023\/09\/Durys-centr.-fragm.2-Dar.-Vasil.-2023.09-1536x1392.jpg 1536w, https:\/\/kristuskaralius.lt\/wp-content\/uploads\/2023\/09\/Durys-centr.-fragm.2-Dar.-Vasil.-2023.09-2048x1856.jpg 2048w\" sizes=\"(max-width: 1024px) 100vw, 1024px\" \/><\/figure>\n<\/figure>\n\n\n\n<figure class=\"wp-block-gallery has-nested-images columns-default is-cropped wp-block-gallery-13 is-layout-flex wp-block-gallery-is-layout-flex\">\n<figure class=\"wp-block-image size-large\"><img loading=\"lazy\" decoding=\"async\" width=\"1024\" height=\"916\" data-id=\"1022\" src=\"http:\/\/kristuskaralius.lt\/wp-content\/uploads\/2023\/09\/Durys-centrines-fragmentas-1-Darija-Vasiliauskiene-2023.08-1024x916.jpg\" alt=\"\" class=\"wp-image-1022\" srcset=\"https:\/\/kristuskaralius.lt\/wp-content\/uploads\/2023\/09\/Durys-centrines-fragmentas-1-Darija-Vasiliauskiene-2023.08-1024x916.jpg 1024w, https:\/\/kristuskaralius.lt\/wp-content\/uploads\/2023\/09\/Durys-centrines-fragmentas-1-Darija-Vasiliauskiene-2023.08-300x268.jpg 300w, https:\/\/kristuskaralius.lt\/wp-content\/uploads\/2023\/09\/Durys-centrines-fragmentas-1-Darija-Vasiliauskiene-2023.08-768x687.jpg 768w, https:\/\/kristuskaralius.lt\/wp-content\/uploads\/2023\/09\/Durys-centrines-fragmentas-1-Darija-Vasiliauskiene-2023.08-1536x1373.jpg 1536w, https:\/\/kristuskaralius.lt\/wp-content\/uploads\/2023\/09\/Durys-centrines-fragmentas-1-Darija-Vasiliauskiene-2023.08-2048x1831.jpg 2048w\" sizes=\"(max-width: 1024px) 100vw, 1024px\" \/><\/figure>\n\n\n\n<figure class=\"wp-block-image size-large\"><img loading=\"lazy\" decoding=\"async\" width=\"1024\" height=\"981\" data-id=\"1129\" src=\"http:\/\/kristuskaralius.lt\/wp-content\/uploads\/2023\/09\/Durys-centr.-fragm.-4-Dar.-Vasil.-2023.09-1024x981.jpg\" alt=\"\" class=\"wp-image-1129\" srcset=\"https:\/\/kristuskaralius.lt\/wp-content\/uploads\/2023\/09\/Durys-centr.-fragm.-4-Dar.-Vasil.-2023.09-1024x981.jpg 1024w, https:\/\/kristuskaralius.lt\/wp-content\/uploads\/2023\/09\/Durys-centr.-fragm.-4-Dar.-Vasil.-2023.09-300x287.jpg 300w, https:\/\/kristuskaralius.lt\/wp-content\/uploads\/2023\/09\/Durys-centr.-fragm.-4-Dar.-Vasil.-2023.09-768x736.jpg 768w, https:\/\/kristuskaralius.lt\/wp-content\/uploads\/2023\/09\/Durys-centr.-fragm.-4-Dar.-Vasil.-2023.09-1536x1472.jpg 1536w, https:\/\/kristuskaralius.lt\/wp-content\/uploads\/2023\/09\/Durys-centr.-fragm.-4-Dar.-Vasil.-2023.09-2048x1962.jpg 2048w\" sizes=\"(max-width: 1024px) 100vw, 1024px\" \/><\/figure>\n<\/figure>\n\n\n\n<figure class=\"wp-block-gallery has-nested-images columns-default is-cropped wp-block-gallery-14 is-layout-flex wp-block-gallery-is-layout-flex\">\n<figure class=\"wp-block-image size-large\"><img loading=\"lazy\" decoding=\"async\" width=\"1024\" height=\"981\" data-id=\"1130\" src=\"http:\/\/kristuskaralius.lt\/wp-content\/uploads\/2023\/09\/Durys-centr.-fragm.-5-Dar.-Vasil.-2023.09-1024x981.jpg\" alt=\"\" class=\"wp-image-1130\" srcset=\"https:\/\/kristuskaralius.lt\/wp-content\/uploads\/2023\/09\/Durys-centr.-fragm.-5-Dar.-Vasil.-2023.09-1024x981.jpg 1024w, https:\/\/kristuskaralius.lt\/wp-content\/uploads\/2023\/09\/Durys-centr.-fragm.-5-Dar.-Vasil.-2023.09-300x287.jpg 300w, https:\/\/kristuskaralius.lt\/wp-content\/uploads\/2023\/09\/Durys-centr.-fragm.-5-Dar.-Vasil.-2023.09-768x736.jpg 768w, https:\/\/kristuskaralius.lt\/wp-content\/uploads\/2023\/09\/Durys-centr.-fragm.-5-Dar.-Vasil.-2023.09-1536x1472.jpg 1536w, https:\/\/kristuskaralius.lt\/wp-content\/uploads\/2023\/09\/Durys-centr.-fragm.-5-Dar.-Vasil.-2023.09-2048x1962.jpg 2048w\" sizes=\"(max-width: 1024px) 100vw, 1024px\" \/><\/figure>\n\n\n\n<figure class=\"wp-block-image size-large\"><img loading=\"lazy\" decoding=\"async\" width=\"1024\" height=\"967\" data-id=\"1023\" src=\"http:\/\/kristuskaralius.lt\/wp-content\/uploads\/2023\/09\/Durys-centrines-fragmentas-2-Darija-Vasiliauskiene-2023.08-1024x967.jpg\" alt=\"\" class=\"wp-image-1023\" srcset=\"https:\/\/kristuskaralius.lt\/wp-content\/uploads\/2023\/09\/Durys-centrines-fragmentas-2-Darija-Vasiliauskiene-2023.08-1024x967.jpg 1024w, https:\/\/kristuskaralius.lt\/wp-content\/uploads\/2023\/09\/Durys-centrines-fragmentas-2-Darija-Vasiliauskiene-2023.08-300x283.jpg 300w, https:\/\/kristuskaralius.lt\/wp-content\/uploads\/2023\/09\/Durys-centrines-fragmentas-2-Darija-Vasiliauskiene-2023.08-768x725.jpg 768w, https:\/\/kristuskaralius.lt\/wp-content\/uploads\/2023\/09\/Durys-centrines-fragmentas-2-Darija-Vasiliauskiene-2023.08-1536x1451.jpg 1536w, https:\/\/kristuskaralius.lt\/wp-content\/uploads\/2023\/09\/Durys-centrines-fragmentas-2-Darija-Vasiliauskiene-2023.08-2048x1934.jpg 2048w\" sizes=\"(max-width: 1024px) 100vw, 1024px\" \/><\/figure>\n<\/figure>\n\n\n\n<p><\/p>\n\n\n\n<p>Martynas Vainorius \/ 2019-11-23 \/ Atvira Klaip\u0117da.lt<strong><br><a href=\"https:\/\/www.atviraklaipeda.lt\/2019\/11\/23\/vienintele-sovietmecio-kataliku-baznycia-naujuju-apastalu-palikimas\/\" target=\"_blank\" rel=\"noopener\" title=\"\">VIENINTEL\u0116 SOVIETME\u010cIO KATALIK\u0172 BA\u017dNY\u010cIA \u2013 NAUJ\u0172J\u0172 APA\u0160TAL\u0172 PALIKIMAS<\/a><\/strong><\/p>\n\n\n\n<p>Jurga Petronyt\u0117 \/ 2015-05-30 \/ ve.lt<br><strong><a href=\"https:\/\/ve.lt\/naujienos\/klaipeda1\/klaipeda\/kristaus-karaliaus-baznycia---unikumas-su-istorijos-dememis-1356924\" target=\"_blank\" rel=\"noopener\" title=\"\">KRISTAUS KARALIAUS BA\u017dNY\u010cIA &#8211; UNIKUMAS SU ISTORIJOS D\u0116M\u0116MIS<\/a><\/strong><\/p>\n\n\n\n<p><br><br><\/p>\n","protected":false},"excerpt":{"rendered":"<p>Antrojo pasaulinio karo metu senoji Klaip\u0117da buvo naikinama. 1945 m. sausio m\u0117nes\u012f subombarduoti beveik visi maldos namai. 1945 m. gegu\u017e\u0117s m\u0117nes\u012f pasira\u0161ytu Tel\u0161i\u0173 vyskupo pra\u0161ymu jau t\u0173 pa\u010di\u0173 met\u0173 pabaigoje katalikams buvo atiduota irvingeri\u0173 Apa\u0161tal\u0173 Ba\u017eny\u010dia, esanti J\u016bros aik\u0161t\u0117s ir Bok\u0161t\u0173 skersgatvio kampe. Tai buvusi vokie\u010di\u0173 senkatalik\u0173 \u201eKatolische Apostolische Gemeindekirche\u201c ba\u017eny\u010dia. Tais pa\u010diais metais ba\u017eny\u010diai [&hellip;]<\/p>\n","protected":false},"author":1,"featured_media":0,"parent":400,"menu_order":1,"comment_status":"closed","ping_status":"closed","template":"","meta":{"om_disable_all_campaigns":false,"_mi_skip_tracking":false,"_monsterinsights_sitenote_active":false,"_monsterinsights_sitenote_note":"","_monsterinsights_sitenote_category":0,"footnotes":""},"aioseo_notices":[],"_links":{"self":[{"href":"https:\/\/kristuskaralius.lt\/index.php\/wp-json\/wp\/v2\/pages\/70"}],"collection":[{"href":"https:\/\/kristuskaralius.lt\/index.php\/wp-json\/wp\/v2\/pages"}],"about":[{"href":"https:\/\/kristuskaralius.lt\/index.php\/wp-json\/wp\/v2\/types\/page"}],"author":[{"embeddable":true,"href":"https:\/\/kristuskaralius.lt\/index.php\/wp-json\/wp\/v2\/users\/1"}],"replies":[{"embeddable":true,"href":"https:\/\/kristuskaralius.lt\/index.php\/wp-json\/wp\/v2\/comments?post=70"}],"version-history":[{"count":53,"href":"https:\/\/kristuskaralius.lt\/index.php\/wp-json\/wp\/v2\/pages\/70\/revisions"}],"predecessor-version":[{"id":1853,"href":"https:\/\/kristuskaralius.lt\/index.php\/wp-json\/wp\/v2\/pages\/70\/revisions\/1853"}],"up":[{"embeddable":true,"href":"https:\/\/kristuskaralius.lt\/index.php\/wp-json\/wp\/v2\/pages\/400"}],"wp:attachment":[{"href":"https:\/\/kristuskaralius.lt\/index.php\/wp-json\/wp\/v2\/media?parent=70"}],"curies":[{"name":"wp","href":"https:\/\/api.w.org\/{rel}","templated":true}]}}