{"id":855,"date":"2023-09-02T14:21:46","date_gmt":"2023-09-02T14:21:46","guid":{"rendered":"https:\/\/kristuskaralius.lt\/?page_id=855"},"modified":"2026-03-26T08:50:02","modified_gmt":"2026-03-26T08:50:02","slug":"testas","status":"publish","type":"page","link":"https:\/\/kristuskaralius.lt\/index.php\/testas\/","title":{"rendered":"Krik\u0161to sakramentas"},"content":{"rendered":"\n<p><strong>Krik\u0161tu mes esame i\u0161laisvinami i\u0161 nuod\u0117m\u0117s ir atgimstame kaip Dievo vaikai<\/strong>; tap\u0119 Kristaus nariais, \u012fsitraukiame \u012f Ba\u017eny\u010di\u0105 kaip jos misijos dalyviai: \u201eKrik\u0161tas yra atgimimo per vanden\u012f ir \u017eod\u012f sakramentas\u201c (KBK, nr. 1213).<\/p>\n\n\n\n<div class=\"wp-block-columns is-layout-flex wp-container-core-columns-is-layout-1 wp-block-columns-is-layout-flex\">\n<div class=\"wp-block-column is-layout-flow wp-block-column-is-layout-flow\">\n<figure class=\"wp-block-image size-full\"><img loading=\"lazy\" decoding=\"async\" width=\"500\" height=\"747\" src=\"http:\/\/kristuskaralius.lt\/wp-content\/uploads\/2022\/04\/Kristuskaralius1033.jpg\" alt=\"\" class=\"wp-image-52\" srcset=\"https:\/\/kristuskaralius.lt\/wp-content\/uploads\/2022\/04\/Kristuskaralius1033.jpg 500w, https:\/\/kristuskaralius.lt\/wp-content\/uploads\/2022\/04\/Kristuskaralius1033-201x300.jpg 201w\" sizes=\"(max-width: 500px) 100vw, 500px\" \/><\/figure>\n<\/div>\n\n\n\n<div class=\"wp-block-column is-layout-flow wp-block-column-is-layout-flow\">\n<p><strong>Sakramentas teikiamas<\/strong>&nbsp;vaikams ir suaugusiesiems. Vaikai iki 7 met\u0173 krik\u0161tijami be pasiruo\u0161imo, o sulauk\u0119 7 met\u0173 ir vyresni, ruo\u0161iasi ir Pirmajai Komunijai \u2013 Eucharistijos sakramentui.<\/p>\n\n\n\n<p><strong>Krik\u0161tat\u0117viai<\/strong>&nbsp;\u2013 tai du asmenys (vyras ir moteris) arba vienas asmuo, b\u016btinai katalikai, ne jaunesni kaip 16 met\u0173, pri\u0117m\u0119 Krik\u0161to, Eucharistijos ir Sutvirtinimo sakramentus, tikintys ir besimeld\u017eiantys. Asmenys, gyvenantys poroje, turi b\u016bti pri\u0117m\u0119 Santuokos sakrament\u0105, praktikuojantys tik\u0117jim\u0105 ir besimeld\u017eiantys.<\/p>\n<\/div>\n<\/div>\n\n\n\n<p><strong>\u012e ceremonij\u0105 svarbu<\/strong>\u00a0atvykti prie\u0161 15 minu\u010di\u0173, tur\u0117ti \u017evak\u0119, vaik\u0105 aprengti baltais drabu\u017eiais arba tur\u0117ti balt\u0105 krik\u0161to drabu\u017e\u012f (skraist\u0119) ir vaiko gimimo liudijim\u0105.<\/p>\n\n\n\n<p><strong>Kvie\u010diame dalyvauti <\/strong>(i\u0161sirinkite  susitikimo dat\u0105) 18-os val. \u0161v. Mi\u0161iose, po j\u0173 ba\u017eny\u010dioje vyks susitikimas (repeticija), kuriame kunigas pristatys Krik\u0161to sakramento liturgijos eig\u0105, paai\u0161kins kitus svarbius su Krik\u0161to apeigomis ba\u017eny\u010dioje susijusius dalykus ir atsakys \u012f jums r\u016bpimus klausimus.<\/p>\n\n\n\n<p><strong>Susitikim\u0173 datos:<\/strong> baland\u017eio 24 d., gegu\u017e\u0117s 8, 22 d., bir\u017eelio 5, 19 d., Liepos 3, 17, 31 d., rugpj\u016b\u010dio 14, 28 d., rugs\u0117jo 11, 25 d.<\/p>\n\n\n\n<figure class=\"wp-block-image size-large\"><img loading=\"lazy\" decoding=\"async\" width=\"1024\" height=\"682\" src=\"https:\/\/kristuskaralius.lt\/wp-content\/uploads\/2023\/09\/Altorius-Marija-Tabernakulis-Krikstykla-Darija-Vasiliauskiene-2023.08-1024x682.jpg\" alt=\"\" class=\"wp-image-887\" srcset=\"https:\/\/kristuskaralius.lt\/wp-content\/uploads\/2023\/09\/Altorius-Marija-Tabernakulis-Krikstykla-Darija-Vasiliauskiene-2023.08-1024x682.jpg 1024w, https:\/\/kristuskaralius.lt\/wp-content\/uploads\/2023\/09\/Altorius-Marija-Tabernakulis-Krikstykla-Darija-Vasiliauskiene-2023.08-300x200.jpg 300w, https:\/\/kristuskaralius.lt\/wp-content\/uploads\/2023\/09\/Altorius-Marija-Tabernakulis-Krikstykla-Darija-Vasiliauskiene-2023.08-768x511.jpg 768w, https:\/\/kristuskaralius.lt\/wp-content\/uploads\/2023\/09\/Altorius-Marija-Tabernakulis-Krikstykla-Darija-Vasiliauskiene-2023.08-1536x1022.jpg 1536w, https:\/\/kristuskaralius.lt\/wp-content\/uploads\/2023\/09\/Altorius-Marija-Tabernakulis-Krikstykla-Darija-Vasiliauskiene-2023.08-2048x1363.jpg 2048w\" sizes=\"(max-width: 1024px) 100vw, 1024px\" \/><\/figure>\n\n\n\n<p>Daugiau apie Krik\u0161to sakrament\u0105 skaitykite&nbsp;<strong><a href=\"https:\/\/katekizmas.lt\/kbk\/dalis2\/skyrius2\/poskyris1\/skirsnis1\">katekizmas.lt<\/a><\/strong><\/p>\n\n\n\n<p>Jeigu turite klausim\u0173, kreipkit\u0117s \u012f parapijos ra\u0161tin\u0119:<br>Tel. +370 629 41923, el. p. klaipedoskristauskaraliausp@gmail.com<\/p>\n","protected":false},"excerpt":{"rendered":"<p>Krik\u0161tu mes esame i\u0161laisvinami i\u0161 nuod\u0117m\u0117s ir atgimstame kaip Dievo vaikai; tap\u0119 Kristaus nariais, \u012fsitraukiame \u012f Ba\u017eny\u010di\u0105 kaip jos misijos dalyviai: \u201eKrik\u0161tas yra atgimimo per vanden\u012f ir \u017eod\u012f sakramentas\u201c (KBK, nr. 1213). Sakramentas teikiamas&nbsp;vaikams ir suaugusiesiems. Vaikai iki 7 met\u0173 krik\u0161tijami be pasiruo\u0161imo, o sulauk\u0119 7 met\u0173 ir vyresni, ruo\u0161iasi ir Pirmajai Komunijai \u2013 Eucharistijos [&hellip;]<\/p>\n","protected":false},"author":3,"featured_media":0,"parent":0,"menu_order":0,"comment_status":"closed","ping_status":"closed","template":"","meta":{"om_disable_all_campaigns":false,"_mi_skip_tracking":false,"_monsterinsights_sitenote_active":false,"_monsterinsights_sitenote_note":"","_monsterinsights_sitenote_category":0,"footnotes":""},"aioseo_notices":[],"_links":{"self":[{"href":"https:\/\/kristuskaralius.lt\/index.php\/wp-json\/wp\/v2\/pages\/855"}],"collection":[{"href":"https:\/\/kristuskaralius.lt\/index.php\/wp-json\/wp\/v2\/pages"}],"about":[{"href":"https:\/\/kristuskaralius.lt\/index.php\/wp-json\/wp\/v2\/types\/page"}],"author":[{"embeddable":true,"href":"https:\/\/kristuskaralius.lt\/index.php\/wp-json\/wp\/v2\/users\/3"}],"replies":[{"embeddable":true,"href":"https:\/\/kristuskaralius.lt\/index.php\/wp-json\/wp\/v2\/comments?post=855"}],"version-history":[{"count":14,"href":"https:\/\/kristuskaralius.lt\/index.php\/wp-json\/wp\/v2\/pages\/855\/revisions"}],"predecessor-version":[{"id":4571,"href":"https:\/\/kristuskaralius.lt\/index.php\/wp-json\/wp\/v2\/pages\/855\/revisions\/4571"}],"wp:attachment":[{"href":"https:\/\/kristuskaralius.lt\/index.php\/wp-json\/wp\/v2\/media?parent=855"}],"curies":[{"name":"wp","href":"https:\/\/api.w.org\/{rel}","templated":true}]}}